{"id":384,"date":"2023-06-25T13:05:31","date_gmt":"2023-06-25T13:05:31","guid":{"rendered":"https:\/\/fotosatter.de\/?page_id=384"},"modified":"2026-07-30T20:09:29","modified_gmt":"2026-07-30T20:09:29","slug":"herzlich-willkommen-auf-der-seite-von-sven-satter-photography","status":"publish","type":"page","link":"https:\/\/fotosatter.de\/","title":{"rendered":"Momente, die bleiben. Bilder, die Geschichten erz\u00e4hlen."},"content":{"rendered":"\n<p class=\"wp-block-paragraph\">Sch\u00f6n, dass Sie hier sind. Fotografie bedeutet f\u00fcr mich weit mehr als nur das Festhalten eines Augenblicks &#8211; sie schafft Erinnerungen, weckt Emotionen und erz\u00e4hlt einzigartige Geschichten.<br><br>Ob Portrait, Familie, Hochzeit, Business oder Event &#8211; gemeinsam schaffen wir authentische Bilder, die Ihre Pers\u00f6nlichkeit und die besonderen Momente  Ihres Lebens wiederspiegeln. <br><br>Lassen Sie uns gemeinsam Erinnerungen schaffen, die ein Leben lang bleiben. <br><br><span style=\"color: #333300;\">F\u00fcr ein Erstgespr\u00e4ch stehe ich Ihnen gerne zur Verf\u00fcgung. Kontaktieren Sie mich hierf\u00fcr gerne per <strong><a style=\"color: #333300;\" href=\"mailto:info@fotosatter.de?subject=Individuelle Shootinganfrage\"><mark style=\"background-color: rgba(0, 0, 0, 0);\">Mail<\/mark><\/a><\/strong>.<\/span><br><span style=\"color: #333300;\">Ich freue mich auf Ihre Nachricht.<\/span><\/p>\n\n\n\n<div class=\"wp-block-columns is-layout-flex wp-container-core-columns-is-layout-8f761849 wp-block-columns-is-layout-flex\">\n<div class=\"wp-block-column is-layout-flow wp-block-column-is-layout-flow\" style=\"flex-basis:100%\">\n<div style=\"display:flex; gap:15px; align-items:justify-content:center; margin:20px 0;\">\n\n    <!-- Instagram Logo -->\n    <a href=\"https:\/\/www.instagram.com\/sven_satter_photography\" target=\"_blank\" style=\"text-decoration:none;\">\n        <div style=\"\n            width:60px;\n            height:60px;\n            background:linear-gradient(45deg,#F58529,#DD2A7B,#8134AF,#515BD4);\n            border-radius:16px;\n            display:flex;\n            align-items:center;\n            justify-content:center;\n            box-shadow:0 4px 8px rgba(0,0,0,0.25);\">\n            \n            <div style=\"\n                width:28px;\n                height:28px;\n                border:4px solid #FFFFFF;\n                border-radius:8px;\n                position:relative;\">\n                \n                <div style=\"\n                    width:10px;\n                    height:10px;\n                    border:3px solid #FFFFFF;\n                    border-radius:50%;\n                    position:absolute;\n                    top:50%;\n                    left:50%;\n                    transform:translate(-50%,-50%);\">\n                <\/div>\n                \n                <div style=\"\n                    width:6px;\n                    height:6px;\n                    background:#FFFFFF;\n                    border-radius:50%;\n                    position:absolute;\n                    top:4px;\n                    right:4px;\">\n                <\/div>\n            <\/div>\n        <\/div>\n    <\/a>\n\n\n    <!-- Facebook Logo -->\n    <a href=\"https:\/\/www.facebook.com\/profile.php?id=61576325698660\" target=\"_blank\" style=\"text-decoration:none;\">\n        <div style=\"\n            width:60px;\n            height:60px;\n            background:#1877F2;\n            border-radius:50%;\n            display:flex;\n            align-items:center;\n            justify-content:center;\n            color:#FFFFFF;\n            font-family:Arial, sans-serif;\n            font-size:42px;\n            font-weight:bold;\n            line-height:60px;\n            box-shadow:0 4px 8px rgba(0,0,0,0.25);\">\n            \n            f\n        <\/div>\n    <\/a>\n\n<\/div>\n\n\n<\/div>\n<\/div>\n\n\n<p><!-- \/wp:post-content --><\/p>\n<p><!-- wp:paragraph --><\/p>\n<p><!-- \/wp:paragraph --><\/p>\n\n<!-- wp:paragraph -->\n<p><\/p>\n<!-- \/wp:paragraph -->","protected":false},"excerpt":{"rendered":"<p>Sch\u00f6n, dass Sie hier sind. Fotografie bedeutet f\u00fcr mich weit mehr als nur das Festhalten eines Augenblicks &#8211; sie schafft Erinnerungen, weckt Emotionen und erz\u00e4hlt einzigartige Geschichten. Ob Portrait, Familie, Hochzeit, Business oder Event &#8211; gemeinsam schaffen wir authentische Bilder, die Ihre Pers\u00f6nlichkeit und die &hellip; <a href=\"https:\/\/fotosatter.de\/\" class=\"more-link\"><span>Continue reading<span class=\"screen-reader-text\">Momente, die bleiben. Bilder, die Geschichten erz\u00e4hlen.<\/span><\/span><\/a><\/p>\n","protected":false},"author":1,"featured_media":0,"parent":0,"menu_order":0,"comment_status":"closed","ping_status":"closed","template":"","meta":{"footnotes":""},"class_list":["post-384","page","type-page","status-publish","hentry"],"_links":{"self":[{"href":"https:\/\/fotosatter.de\/index.php?rest_route=\/wp\/v2\/pages\/384","targetHints":{"allow":["GET"]}}],"collection":[{"href":"https:\/\/fotosatter.de\/index.php?rest_route=\/wp\/v2\/pages"}],"about":[{"href":"https:\/\/fotosatter.de\/index.php?rest_route=\/wp\/v2\/types\/page"}],"author":[{"embeddable":true,"href":"https:\/\/fotosatter.de\/index.php?rest_route=\/wp\/v2\/users\/1"}],"replies":[{"embeddable":true,"href":"https:\/\/fotosatter.de\/index.php?rest_route=%2Fwp%2Fv2%2Fcomments&post=384"}],"version-history":[{"count":74,"href":"https:\/\/fotosatter.de\/index.php?rest_route=\/wp\/v2\/pages\/384\/revisions"}],"predecessor-version":[{"id":1643,"href":"https:\/\/fotosatter.de\/index.php?rest_route=\/wp\/v2\/pages\/384\/revisions\/1643"}],"wp:attachment":[{"href":"https:\/\/fotosatter.de\/index.php?rest_route=%2Fwp%2Fv2%2Fmedia&parent=384"}],"curies":[{"name":"wp","href":"https:\/\/api.w.org\/{rel}","templated":true}]}}